{"id":6346,"date":"2025-04-18T01:30:08","date_gmt":"2025-04-17T23:30:08","guid":{"rendered":"https:\/\/devs.openbaz.be\/stics\/?post_type=publications&#038;p=6346"},"modified":"2026-01-12T16:07:21","modified_gmt":"2026-01-12T15:07:21","slug":"colloque-lanalyse-de-limpact-dans-laction-sociale-documents-de-synthese","status":"publish","type":"ressource_n","link":"https:\/\/devs.openbaz.be\/stics\/ressource\/colloque-lanalyse-de-limpact-dans-laction-sociale-documents-de-synthese\/","title":{"rendered":"Colloque L\u2019analyse de l\u2019impact dans l\u2019action sociale&nbsp;: documents de synth\u00e8se"},"content":{"rendered":"<p>Nous mettons \u00e0 votre disposition l\u2019ensemble des documents de synth\u00e8se cl\u00e9s issus du rapportage de notre colloque du 9 avril 2025 consacr\u00e9 \u00e0 l\u2019analyse de l\u2019impact dans l\u2019action sociale. Ces ressources rassemblent les id\u00e9es cl\u00e9s, analyses, t\u00e9moignages et pistes d\u2019action \u00e9voqu\u00e9es lors des introductions de la matin\u00e9e de travail, des \u00e9changes sur les th\u00e9matiques abord\u00e9es en atelier et des analyses des r\u00e9actions en s\u00e9ance pl\u00e9ni\u00e8re.<\/p>\n<p>Elles sont mises \u00e0 disposition pour prolonger la r\u00e9flexion, nourrir vos pratiques et partager les enseignements avec vos \u00e9quipes ou partenaires.<\/p>\n<ul>\n<li><a href=\"https:\/\/devs.openbaz.be\/stics\/wp-content\/uploads\/Colloque-Impact-9.04.2025-Introduction-de-Tony-Bernard.pdf\" target=\"_blank\" rel=\"noopener\">Introduction de Tony Bernard \u2013 Directeur g\u00e9n\u00e9ral d\u2019Impact Tank<\/a><\/li>\n<li><a href=\"https:\/\/devs.openbaz.be\/stics\/wp-content\/uploads\/Colloque-Impact-9.04.2025-Introduction-de-William-Pariente.pdf\" target=\"_blank\" rel=\"noopener\">Introduction de William Parient\u00e9 \u2013 Professeur en \u00e9conomie \u00e0 l\u2019UCLouvain et membre du Jameel Poverty Action Lab<\/a><\/li>\n<li><a href=\"https:\/\/devs.openbaz.be\/stics\/wp-content\/uploads\/Colloque-Impact-9.04.2025-Synthese-des-4-ateliers-en-seance-pleniere.pdf\" target=\"_blank\" rel=\"noopener\">Synth\u00e8ses des quatre ateliers th\u00e9matiques en s\u00e9ance pl\u00e9ni\u00e8re<\/a><\/li>\n<li><a href=\"https:\/\/devs.openbaz.be\/stics\/wp-content\/uploads\/Colloque-Impact-9.04.2025-Synthese-des-reactions-par-Tony-Bernard.pdf\" target=\"_blank\" rel=\"noopener\">Synth\u00e8se de la r\u00e9action de Tony Bernard en s\u00e9ance pl\u00e9ni\u00e8re<\/a><\/li>\n<li><a href=\"https:\/\/devs.openbaz.be\/stics\/wp-content\/uploads\/Colloque-Impact-9.04.2025-Synthese-des-reactions-par-William-Pariente.pdf\" target=\"_blank\" rel=\"noopener\">Synth\u00e8se de la r\u00e9action de William Parient\u00e9 en s\u00e9ance pl\u00e9ni\u00e8re<\/a><\/li>\n<li><a href=\"https:\/\/devs.openbaz.be\/stics\/wp-content\/uploads\/Colloque-Impact-9.04.2025-Discours-de-cloture.pdf\" target=\"_blank\" rel=\"noopener\">Discours de cl\u00f4ture du colloque de Carlo Caldarini pour le STICS<\/a><\/li>\n<li><a href=\"https:\/\/devs.openbaz.be\/stics\/wp-content\/uploads\/Colloque-Impact-9.04.2025-Cloture-JVC.pdf\" target=\"_blank\" rel=\"noopener\">Discours de cl\u00f4ture du colloque de Jo\u00ebl Van Cauter \u2013 Conseiller politique du Ministre wallon de la sant\u00e9, de l\u2019environnement et des solidarit\u00e9s<\/a><\/li>\n<\/ul>","protected":false},"excerpt":{"rendered":"<p>Nous mettons \u00e0 votre disposition l\u2019ensemble des documents de synth\u00e8se cl\u00e9s issus du rapportage de notre colloque du 9 avril 2025 consacr\u00e9 \u00e0 l\u2019analyse de l\u2019impact dans l\u2019action sociale. Ces ressources rassemblent les id\u00e9es cl\u00e9s, analyses, t\u00e9moignages et pistes d\u2019action \u00e9voqu\u00e9es lors des introductions de la matin\u00e9e de travail, des \u00e9changes sur les th\u00e9matiques abord\u00e9es [&hellip;]<\/p>","protected":false},"author":1,"featured_media":6349,"parent":0,"template":"","meta":{"_acf_changed":false,"_seopress_robots_primary_cat":"","_seopress_titles_title":"","_seopress_titles_desc":"","_seopress_robots_index":"","_formation_external_id":"","_formation_date_debut":"","_formation_date_fin":"","_formation_heure_debut":"","_formation_heure_fin":"","_formation_cancelled":"","_formation_youtube":"","_formation_tarif":0,"_formation_info_date":"","_formation_info_diagnostic_oui":"","_formation_nom_formateur":"","_formation_prenom_formateur":"","_formation_nom_formateur2":"","_formation_prenom_formateur2":"","_formation_public":"","_formation_objectif":"","_formation_methodologie":"","_formation_itineraire":"","_formation_tarif_cs":0,"_formation_tarif_preferentiel":0,"_formation_info_diagnostic":"","_formation_localite":"","_formation_id_is_distant":"","_formation_heure_label":"","_formation_reference":"","_formation_presentation":"","_formation_archived":"","footnotes":""},"type-de-la-ressource":[218],"class_list":["post-6346","ressource_n","type-ressource_n","status-publish","has-post-thumbnail","hentry","type-de-la-ressource-publications"],"acf":[],"_links":{"self":[{"href":"https:\/\/devs.openbaz.be\/stics\/wp-json\/wp\/v2\/ressource_n\/6346","targetHints":{"allow":["GET"]}}],"collection":[{"href":"https:\/\/devs.openbaz.be\/stics\/wp-json\/wp\/v2\/ressource_n"}],"about":[{"href":"https:\/\/devs.openbaz.be\/stics\/wp-json\/wp\/v2\/types\/ressource_n"}],"author":[{"embeddable":true,"href":"https:\/\/devs.openbaz.be\/stics\/wp-json\/wp\/v2\/users\/1"}],"version-history":[{"count":1,"href":"https:\/\/devs.openbaz.be\/stics\/wp-json\/wp\/v2\/ressource_n\/6346\/revisions"}],"predecessor-version":[{"id":12094,"href":"https:\/\/devs.openbaz.be\/stics\/wp-json\/wp\/v2\/ressource_n\/6346\/revisions\/12094"}],"wp:featuredmedia":[{"embeddable":true,"href":"https:\/\/devs.openbaz.be\/stics\/wp-json\/wp\/v2\/media\/6349"}],"wp:attachment":[{"href":"https:\/\/devs.openbaz.be\/stics\/wp-json\/wp\/v2\/media?parent=6346"}],"wp:term":[{"taxonomy":"type-de-la-ressource","embeddable":true,"href":"https:\/\/devs.openbaz.be\/stics\/wp-json\/wp\/v2\/type-de-la-ressource?post=6346"}],"curies":[{"name":"wp","href":"https:\/\/api.w.org\/{rel}","templated":true}]}}