{"id":10388,"date":"2025-09-05T14:26:00","date_gmt":"2025-09-05T12:26:00","guid":{"rendered":"https:\/\/devs.openbaz.be\/stics\/?page_id=10388"},"modified":"2025-09-10T14:32:49","modified_gmt":"2025-09-10T12:32:49","slug":"e-learning-construire-et-gerer-son-projet","status":"publish","type":"page","link":"https:\/\/devs.openbaz.be\/stics\/e-learning-construire-et-gerer-son-projet\/","title":{"rendered":"E-Learning Construire et g\u00e9rer son projet\u00a9"},"content":{"rendered":"\t\t<div data-elementor-type=\"wp-page\" data-elementor-id=\"10388\" class=\"elementor elementor-10388\" data-elementor-post-type=\"page\">\n\t\t\t\t<div class=\"elementor-element elementor-element-705cdefb e-con-full e-flex e-con e-parent\" data-id=\"705cdefb\" data-element_type=\"container\" data-e-type=\"container\">\n\t\t\t\t<div class=\"elementor-element elementor-element-2892bb49 elementor-widget elementor-widget-text-editor\" data-id=\"2892bb49\" data-element_type=\"widget\" data-e-type=\"widget\" data-widget_type=\"text-editor.default\">\n\t\t\t\t\t\t\t\t\t<p>Vous cherchez <strong data-start=\"223\" data-end=\"306\">une formation en gestion de projet sp\u00e9cialement adapt\u00e9e au secteur non marchand<\/strong> et qui sort des approches classiques&nbsp;? Vous voulez vous former en ligne sans devoir aller d&#8217;un lieu d&#8217;apprentissage \u00e0 un autre&nbsp;? Notre programme digital de classes virtuelles innove et va bien au-del\u00e0 des simples modules vid\u00e9o&nbsp;: \u00e0 travers une s\u00e9rie de rendez-vous e-learning, il vous plonge dans <strong data-start=\"445\" data-end=\"513\">une exp\u00e9rience d\u2019apprentissage active, personnalis\u00e9e et concr\u00e8te.<\/strong> <strong>\u00c0 l\u2019issue de la formation, vous saurez&nbsp;:<\/strong><\/p>\n<ul>\n<li><strong>D\u00e9velopper une vision globale de projet<\/strong> :<br \/><br \/>\n<ul>\n<li>Identifier les \u00e9tapes cl\u00e9s du cycle de projet avec la m\u00e9thode <strong>STICS<\/strong><\/li>\n<li>Adopter une <strong>vision syst\u00e9mique<\/strong> et mesurer l\u2019impact interne et externe<\/li>\n<li>Diff\u00e9rencier et articuler <strong>missions, visions<\/strong> et objectifs de projet<\/li>\n<li>Clarifier vos motivations personnelles et professionnelles<br \/><br \/><\/li>\n<\/ul>\n<\/li>\n<li><strong>Ma\u00eetriser pleinement le contexte du projet<\/strong> :<br \/><br \/>\n<ul>\n<li>\u00c9laborer un diagnostic pr\u00e9cis des besoins et probl\u00e8mes<\/li>\n<li>Identifier et cartographier vos parties prenantes<\/li>\n<\/ul>\n<\/li>\n<\/ul>\n<p><br \/>Peu importe votre contexte ou votre exp\u00e9rience, cette formation vous donne les cl\u00e9s pour <strong data-start=\"2521\" data-end=\"2552\">passer de l\u2019id\u00e9e \u00e0 l\u2019action<\/strong> avec m\u00e9thode, cr\u00e9ativit\u00e9 et efficacit\u00e9.<br \/><br \/><\/p>\n<div style=\"width: 100%;\">\n<div style=\"position: relative; padding-bottom: 56.25%; padding-top: 0; height: 0;\"><iframe style=\"position: absolute; top: 0; left: 0; width: 100%; height: 100%;\" title=\"STICS - Formation en gestion de projet\" src=\"https:\/\/view.genially.com\/67b45c6d0a5eda809959106e\" width=\"1200px\" height=\"675px\" frameborder=\"0\" scrolling=\"yes\" allowfullscreen=\"allowfullscreen\"><\/iframe><\/div>\n<\/div>\n<h2><br \/>\u00c0 qui s&#8217;adresse notre formation<\/h2>\n<p>Vous \u00eates&nbsp;:<\/p>\n<ul>\n<li><strong>Porteur\u00b7se de projet personnel<\/strong> souhaitant structurer et concr\u00e9tiser leur id\u00e9e<\/li>\n<li><strong>Acteur\u00b7rice de projets collectifs, citoyens ou associatifs<\/strong> en qu\u00eate de plus d\u2019impact<\/li>\n<li><strong>Responsables de projets<\/strong> dans des services agr\u00e9\u00e9s voulant optimiser pilotage et gestion<\/li>\n<li><strong>Concepteur\u00b7rice de dispositifs publics<\/strong> (contrats de quartier, PCS\u2026) cherchant \u00e0 renforcer leur m\u00e9thodologie<\/li>\n<li><strong>D\u00e9veloppeur\u00b7se de projets<\/strong> en partenariats locaux, europ\u00e9ens ou ONG souhaitant mieux organiser leurs collaborations<\/li>\n<\/ul>\n<p>Notre formation Construire et g\u00e9rer son projet<sup>\u00a9 <\/sup>est la formation qu&#8217;il vous faut&nbsp;!<\/p>\n<h2><br \/>Pourquoi choisir notre formation&nbsp;?<\/h2>\n<p data-start=\"569\" data-end=\"691\">Nous vous proposons <strong data-start=\"589\" data-end=\"633\">une bo\u00eete \u00e0 outils compl\u00e8te et exclusive<\/strong> pour structurer, piloter et faire \u00e9voluer vos projets, comprenant&nbsp;:<\/p>\n<ul>\n<li data-start=\"694\" data-end=\"758\"><strong data-start=\"694\" data-end=\"721\">12 outils de diagnostic<\/strong> avec des <a href=\"https:\/\/devs.openbaz.be\/stics\/outils-pedagogiques\/\" target=\"_blank\" rel=\"noopener\">fiches visuelles synth\u00e9tiques issues du guide Construire et g\u00e9rer son projet<sup>\u00a9<\/sup><\/a><\/li>\n<li data-start=\"694\" data-end=\"758\"><strong data-start=\"761\" data-end=\"791\">des templates pr\u00eats \u00e0 l\u2019emploi<\/strong> pour cartographier vos parties prenantes<\/li>\n<li data-start=\"694\" data-end=\"758\"><strong data-start=\"837\" data-end=\"860\">une check-list compl\u00e8te<\/strong> pour vous accompagner de A \u00e0 Z<\/li>\n<\/ul>\n<h2><br \/>Une p\u00e9dagogie interactive et engageante<\/h2>\n<p>Tout au long du cycle de formation, vous apprendrez en pratiquant \u00e0 l&#8217;aide de nombreux outils et supports&nbsp;:<\/p>\n<ul>\n<li><strong>quiz interactifs<\/strong> avec feedback personnalis\u00e9&nbsp;;<\/li>\n<li><strong>arbre de d\u00e9cision innovant<\/strong> pour orienter vos choix&nbsp;;<\/li>\n<li><strong>simulations pratiques<\/strong> inspir\u00e9es du terrain&nbsp;;<\/li>\n<li><strong>projet fil rouge<\/strong> qui donne sens \u00e0 chaque \u00e9tape de l\u2019apprentissage.<\/li>\n<\/ul>\n<h2><br \/>Une formation \u00e0 la demande, accessible tout au long de l&#8217;ann\u00e9e<\/h2>\n<p>Notre formation est en outre modulable. Vous avez le choix entre trois parcours d&#8217;apprentissage&nbsp;:<\/p>\n<ul>\n<li>Apprentissage autonome&nbsp;: id\u00e9al pour avancer \u00e0 votre rythme &gt;&gt;&gt; <strong><a href=\"https:\/\/devs.openbaz.be\/stics\/formations\/formulaire-dinscription\/?formation=1458\" target=\"_blank\" rel=\"noopener\">S&#8217;inscrire<\/a><\/strong><\/li>\n<li>Apprentissage en groupe&nbsp;: parfait pour \u00e9changer et nouer de nouvelles connexions &gt;&gt;&gt; <strong><a href=\"https:\/\/devs.openbaz.be\/stics\/formations\/formulaire-dinscription\/?formation=1459\" target=\"_blank\" rel=\"noopener\">S&#8217;inscrire<\/a><\/strong><\/li>\n<li>Apprentissage en groupe, avec coaching&nbsp;: les avantages de l&#8217;apprentissage collaboratif, avec un accompagnement individualis\u00e9 ax\u00e9 sur votre projet &gt;&gt;&gt;<strong> <a href=\"https:\/\/devs.openbaz.be\/stics\/formations\/formulaire-dinscription\/?formation=1460\" target=\"_blank\" rel=\"noopener\">S&#8217;inscrire<\/a><\/strong><\/li>\n<\/ul>\n<p><br \/>Pour cette formation, comptez 25h, comprenant le visionnage des modules, 4 classes virtuelles (non compris dans la formule autonome) et des moments de travail personnel (prise de note, participations aux \u00e9changes, exercices \u00e0 rendre, etc.). Libre \u00e0 vous d&#8217;organiser ce temps sur le nombre de jours ou de semaines qui vous convient (nous recommandons un rythme de 3h \/ semaine). <br \/><br \/><strong> Bon \u00e0 savoir&nbsp;:<\/strong> notre formation Construire et g\u00e9rer son projet<sup>\u00a9<\/sup> vous est \u00e9galement propos\u00e9e en pr\u00e9sentiel sur 4 jours, plus fois par an \u00e0 dates fixes, dans le cadre de nos formations programm\u00e9es. Dates pr\u00e9vues en 2025 et 2026&nbsp;:<\/p>\n<ul>\n<li><a href=\"https:\/\/devs.openbaz.be\/stics\/formations\/formation-detail\/?formation=1469\" target=\"_blank\" rel=\"noreferrer noopener\">Construire et g\u00e9rer son projet<sup>\u00a9<\/sup>\u00a0\u2013 15, 22, 29 janvier et 05 mars 2026 \u2013 1030 Schaerbeek<\/a><\/li>\n<li style=\"list-style-type: none;\">\u00a0<\/li>\n<\/ul>\n<h2>Combien co\u00fbte la formation&nbsp;?<\/h2>\n<p>La tarification varie en fonction de la formule choisie et du nombre de s\u00e9ances choisies (programmation sur mesure)&nbsp;:<\/p>\n<ul data-editing-info=\"{&quot;applyListStyleFromLevel&quot;:false,&quot;unorderedStyleType&quot;:2}\">\n<li>\n<div role=\"presentation\" data-olk-copy-source=\"MessageBody\">Formule autonome&nbsp;: <strong>120&nbsp;\u20ac TTC<\/strong><\/div>\n<\/li>\n<li>\n<div role=\"presentation\">Formule en \u00e9quipe&nbsp;: <strong>280&nbsp;\u20ac TTC<\/strong><\/div>\n<\/li>\n<li>\n<div role=\"presentation\">Formule avec coaching&nbsp;: <strong>280&nbsp;\u20ac TTC + 20 euros TTC<\/strong> par s\u00e9ance de coaching de 30 minutes<\/div>\n<\/li>\n<\/ul>\n<p><strong><br \/>Le prix inclus l&#8217;acc\u00e8s \u00e0 la plateforme e-learning pour une dur\u00e9e de 3 mois.<\/strong><\/p>\n<p><strong>Pour chaque inscription&nbsp;: vous recevez gratuitement notre guide p\u00e9dagogique <em>Construire et g\u00e9rer son projet<\/em>, en plus des 12 fiches th\u00e9matiques qui l\u2019accompagnent.<\/strong> <br \/><br \/>Pour voir en d\u00e9tail ce que comprend chaque formule, consultez l&#8217;infographie ci-dessus.<\/p>\n<h2>Ressources<\/h2>\n<div class=\"wp-block-buttons\">\n<ul>\n<li class=\"wp-block-button is-style-outline\"><a class=\"wp-block-button__link wp-element-button\" href=\"https:\/\/devs.openbaz.be\/stics\/outils-pedagogiques\/\" target=\"_blank\" rel=\"noreferrer noopener\">Construire et g\u00e9rer son projet&nbsp;: guide et fiches pratiques<\/a><\/li>\n<\/ul>\n<\/div>\n\n<div class=\"wp-block-buttons is-content-justification-center is-layout-flex wp-container-core-buttons-is-layout-3e41869c wp-block-buttons-is-layout-flex\">\n\n<ul class=\"is-style-outline--2\">\n<li class=\"wp-block-button is-style-outline\"><a class=\"wp-block-button__link wp-element-button\" href=\"https:\/\/devs.openbaz.be\/stics\/formations\/\" target=\"_blank\" rel=\"noreferrer noopener\">Nos formations programm\u00e9es&nbsp;: le catalogue complet<\/a><\/li>\n<\/ul>\n<\/div>\n\t\t\t\t\t\t\t\t<\/div>\n\t\t\t\t<\/div>\n\t\t\t\t<\/div>","protected":false},"excerpt":{"rendered":"<p>Vous cherchez une formation en gestion de projet sp\u00e9cialement adapt\u00e9e au secteur non marchand et qui sort des approches classiques&nbsp;? Vous voulez vous former en ligne sans devoir aller d&#8217;un lieu d&#8217;apprentissage \u00e0 un autre&nbsp;? Notre programme digital de classes virtuelles innove et va bien au-del\u00e0 des simples modules vid\u00e9o&nbsp;: \u00e0 travers une s\u00e9rie de [&hellip;]<\/p>","protected":false},"author":3,"featured_media":0,"parent":0,"menu_order":0,"comment_status":"closed","ping_status":"closed","template":"","meta":{"_acf_changed":false,"_seopress_robots_primary_cat":"","_seopress_titles_title":"","_seopress_titles_desc":"","_seopress_robots_index":"","_formation_external_id":"","_formation_date_debut":"","_formation_date_fin":"","_formation_heure_debut":"","_formation_heure_fin":"","_formation_cancelled":"","_formation_youtube":"","_formation_tarif":0,"_formation_info_date":"","_formation_info_diagnostic_oui":"","_formation_nom_formateur":"","_formation_prenom_formateur":"","_formation_nom_formateur2":"","_formation_prenom_formateur2":"","_formation_public":"","_formation_objectif":"","_formation_methodologie":"","_formation_itineraire":"","_formation_tarif_cs":0,"_formation_tarif_preferentiel":0,"_formation_info_diagnostic":"","_formation_localite":"","_formation_id_is_distant":"","_formation_heure_label":"","_formation_reference":"","_formation_presentation":"","_formation_archived":"","footnotes":""},"class_list":["post-10388","page","type-page","status-publish","hentry"],"acf":[],"_links":{"self":[{"href":"https:\/\/devs.openbaz.be\/stics\/wp-json\/wp\/v2\/pages\/10388","targetHints":{"allow":["GET"]}}],"collection":[{"href":"https:\/\/devs.openbaz.be\/stics\/wp-json\/wp\/v2\/pages"}],"about":[{"href":"https:\/\/devs.openbaz.be\/stics\/wp-json\/wp\/v2\/types\/page"}],"author":[{"embeddable":true,"href":"https:\/\/devs.openbaz.be\/stics\/wp-json\/wp\/v2\/users\/3"}],"replies":[{"embeddable":true,"href":"https:\/\/devs.openbaz.be\/stics\/wp-json\/wp\/v2\/comments?post=10388"}],"version-history":[{"count":6,"href":"https:\/\/devs.openbaz.be\/stics\/wp-json\/wp\/v2\/pages\/10388\/revisions"}],"predecessor-version":[{"id":10708,"href":"https:\/\/devs.openbaz.be\/stics\/wp-json\/wp\/v2\/pages\/10388\/revisions\/10708"}],"wp:attachment":[{"href":"https:\/\/devs.openbaz.be\/stics\/wp-json\/wp\/v2\/media?parent=10388"}],"curies":[{"name":"wp","href":"https:\/\/api.w.org\/{rel}","templated":true}]}}