{"id":7668,"date":"2025-06-03T19:44:32","date_gmt":"2025-06-03T17:44:32","guid":{"rendered":"https:\/\/devs.openbaz.be\/stics\/formation\/ensemble-codeveloppons\/"},"modified":"2025-06-03T19:44:32","modified_gmt":"2025-06-03T17:44:32","slug":"ensemble-codeveloppons","status":"publish","type":"formation","link":"https:\/\/devs.openbaz.be\/stics\/agenda\/ensemble-codeveloppons\/","title":{"rendered":"Ensemble, cod\u00e9veloppons&nbsp;!"},"content":{"rendered":"<p>Le cod\u00e9veloppement professionnel est un outil de formation, d&#8217;accompagnement et de d\u00e9veloppement individuel et collectif des comp\u00e9tences venant du Qu\u00e9bec. Il r\u00e9unit un ensemble de personnes (intra ou interentreprises) qui s\u2019engagent &#8211; \u00e9l\u00e9ment essentiel voire fondateur- \u00e0 se rencontrer de mani\u00e8re r\u00e9guli\u00e8re dans le temps, en vue de d\u00e9velopper leur savoir-\u00eatre et savoir-faire professionnels tout en s\u2019appuyant sur les bienfaits de l\u2019intelligence collective. <\/p>\n<p>Le co-d\u00e9veloppement, c\u2019est:<\/p>\n<ul>\n<li>Une d\u00e9marche structur\u00e9e et \u00e9prouv\u00e9e favorisant la confidentialit\u00e9, la confiance et la bienveillance;<\/li>\n<li>La constitution d\u2019un r\u00e9seau solidaire;<\/li>\n<li>Une communaut\u00e9 d\u2019apprentissage;<\/li>\n<li>Un lieu d\u2019analyse et de traitement de situations r\u00e9elles et actuelles rencontr\u00e9es.<\/li>\n<\/ul>\n<p>Le co-d\u00e9veloppement, ce n\u2019est pas:<\/p>\n<ul>\n<li>Une rencontre caf\u00e9-croissant ou un d\u00eener causerie;<\/li>\n<li>Une th\u00e9rapie de groupe: la vie priv\u00e9e est exclue des sujets trait\u00e9s;<\/li>\n<li>Un groupe de r\u00e9solution de probl\u00e8me (le but n\u2019est pas de r\u00e9soudre le probl\u00e8me de celui qui le pose, mais de l\u2019aider \u00e0 mieux comprendre et \u00e0 mieux agir, de l\u2019aider \u00e0 apprendre \u00e0 partir de ce qu\u2019il expose).<\/li>\n<\/ul>\n<div><b>Public-cible:<\/b><\/p>\n<p>\u00e0 toute personne, employ\u00e9e ou ind\u00e9pendante, d\u00e9sireuse d&#8217;\u00e9changer autour de ses missions professionnelles pour prendre du recul, reconsid\u00e9rer et \u00e9voluer dans sa pratique professionnelle.<\/div>","protected":false},"featured_media":0,"template":"","formation_localite":[182],"formation_categorie":[9,213],"formation_lieu":[27],"formation_formateur":[],"formation_type_evenement":[],"class_list":["post-7668","formation","type-formation","status-publish","hentry","formation_localite-1030-schaerbeek","formation_categorie-formation-categorie-4","formation_categorie-formation","formation_lieu-formation-lieu-16"],"acf":[],"_links":{"self":[{"href":"https:\/\/devs.openbaz.be\/stics\/wp-json\/wp\/v2\/formation\/7668","targetHints":{"allow":["GET"]}}],"collection":[{"href":"https:\/\/devs.openbaz.be\/stics\/wp-json\/wp\/v2\/formation"}],"about":[{"href":"https:\/\/devs.openbaz.be\/stics\/wp-json\/wp\/v2\/types\/formation"}],"wp:attachment":[{"href":"https:\/\/devs.openbaz.be\/stics\/wp-json\/wp\/v2\/media?parent=7668"}],"wp:term":[{"taxonomy":"formation_localite","embeddable":true,"href":"https:\/\/devs.openbaz.be\/stics\/wp-json\/wp\/v2\/formation_localite?post=7668"},{"taxonomy":"formation_categorie","embeddable":true,"href":"https:\/\/devs.openbaz.be\/stics\/wp-json\/wp\/v2\/formation_categorie?post=7668"},{"taxonomy":"formation_lieu","embeddable":true,"href":"https:\/\/devs.openbaz.be\/stics\/wp-json\/wp\/v2\/formation_lieu?post=7668"},{"taxonomy":"formation_formateur","embeddable":true,"href":"https:\/\/devs.openbaz.be\/stics\/wp-json\/wp\/v2\/formation_formateur?post=7668"},{"taxonomy":"formation_type_evenement","embeddable":true,"href":"https:\/\/devs.openbaz.be\/stics\/wp-json\/wp\/v2\/formation_type_evenement?post=7668"}],"curies":[{"name":"wp","href":"https:\/\/api.w.org\/{rel}","templated":true}]}}